{"id":137,"date":"2025-04-15T17:49:45","date_gmt":"2025-04-15T15:49:45","guid":{"rendered":"https:\/\/louis-carles.com\/?page_id=137"},"modified":"2025-04-17T14:33:21","modified_gmt":"2025-04-17T12:33:21","slug":"site-test","status":"publish","type":"page","link":"https:\/\/louis-carles.com\/","title":{"rendered":"Accueil site test"},"content":{"rendered":"\n<h2 class=\"wp-block-heading\">Cat\u00e9gories<\/h2>\n\n\n<ul class=\"wp-block-categories-list wp-block-categories\">\t<li class=\"cat-item cat-item-17\"><a href=\"https:\/\/louis-carles.com\/index.php\/category\/2026\/\">2026<\/a>\n<\/li>\n\t<li class=\"cat-item cat-item-14\"><a href=\"https:\/\/louis-carles.com\/index.php\/category\/a-reprendre\/\">A reprendre<\/a>\n<\/li>\n\t<li class=\"cat-item cat-item-12\"><a href=\"https:\/\/louis-carles.com\/index.php\/category\/securite-au-travail\/\">s\u00e9curit\u00e9 au travail<\/a>\n<\/li>\n<\/ul>\n\n\n<h2 class=\"wp-block-heading\">Archives<\/h2>\n\n\n<ul class=\"wp-block-archives-list wp-block-archives\">\t<li><a href='https:\/\/louis-carles.com\/index.php\/2026\/03\/'>March 2026<\/a><\/li>\n\t<li><a href='https:\/\/louis-carles.com\/index.php\/2026\/02\/'>February 2026<\/a><\/li>\n\t<li><a href='https:\/\/louis-carles.com\/index.php\/2026\/01\/'>January 2026<\/a><\/li>\n\t<li><a href='https:\/\/louis-carles.com\/index.php\/2025\/11\/'>November 2025<\/a><\/li>\n<\/ul>\n\n\n<h2 class=\"wp-block-heading\">Articles<\/h2>\n\n\n<ul class=\"wp-block-latest-posts__list is-grid columns-4 has-dates wp-block-latest-posts\"><li><div class=\"wp-block-latest-posts__featured-image\"><img loading=\"lazy\" decoding=\"async\" width=\"150\" height=\"150\" src=\"https:\/\/louis-carles.com\/wp-content\/uploads\/2026\/03\/Pollution-de-lair-dans-lindustrie-des-composites-enjeux-et-traitements-1-150x150.jpg\" class=\"attachment-thumbnail size-thumbnail wp-post-image\" alt=\"D\u00e9couvrez les enjeux li\u00e9s \u00e0 la pollution de l&#039;air dans l&#039;industrie des composites et les solutions de traitement pour r\u00e9duire son impact environnemental.\" style=\"\" \/><\/div><a class=\"wp-block-latest-posts__post-title\" href=\"https:\/\/louis-carles.com\/index.php\/2026\/03\/30\/pollution-air-composites\/\">Pollution de l&#8217;air dans l&#8217;industrie des composites : enjeux et traitements<\/a><time datetime=\"2026-03-30T16:39:14+02:00\" class=\"wp-block-latest-posts__post-date\">30 March 2026<\/time><div class=\"wp-block-latest-posts__post-excerpt\">Dans les ateliers de plasturgie et de composites, la qualit\u00e9 de l\u2019air devient un crit\u00e8re de performance au m\u00eame titre que le taux de rebut. &#8230; <a title=\"Pollution de l&#8217;air dans l&#8217;industrie des composites : enjeux et traitements\" class=\"read-more\" href=\"https:\/\/louis-carles.com\/index.php\/2026\/03\/30\/pollution-air-composites\/\" aria-label=\"Read more about Pollution de l&#8217;air dans l&#8217;industrie des composites : enjeux et traitements\">Read more<\/a><\/div><\/li>\n<li><a class=\"wp-block-latest-posts__post-title\" href=\"https:\/\/louis-carles.com\/index.php\/2026\/02\/12\/telephone-pti-protection\/\">T\u00e9l\u00e9phone PTI robuste : dispositif de protection du travailleur isol\u00e9<\/a><time datetime=\"2026-02-12T17:08:47+01:00\" class=\"wp-block-latest-posts__post-date\">12 February 2026<\/time><div class=\"wp-block-latest-posts__post-excerpt\">En bref Le t\u00e9l\u00e9phone PTI robuste est un maillon central de la protection du travailleur isol\u00e9 en France. Il permet de d\u00e9clencher une alerte automatiquement &#8230; <a title=\"T\u00e9l\u00e9phone PTI robuste : dispositif de protection du travailleur isol\u00e9\" class=\"read-more\" href=\"https:\/\/louis-carles.com\/index.php\/2026\/02\/12\/telephone-pti-protection\/\" aria-label=\"Read more about T\u00e9l\u00e9phone PTI robuste : dispositif de protection du travailleur isol\u00e9\">Read more<\/a><\/div><\/li>\n<li><a class=\"wp-block-latest-posts__post-title\" href=\"https:\/\/louis-carles.com\/index.php\/2026\/02\/12\/smartphone-pti-dati-travailleur\/\">Smartphone PTI-DATI pour travailleur isol\u00e9<\/a><time datetime=\"2026-02-12T16:53:49+01:00\" class=\"wp-block-latest-posts__post-date\">12 February 2026<\/time><div class=\"wp-block-latest-posts__post-excerpt\">En bref Un smartphone \u00e9quip\u00e9 d\u2019une application PTI-DATI permet aujourd\u2019hui de transformer un outil de travail du quotidien en v\u00e9ritable filet de protection pour chaque &#8230; <a title=\"Smartphone PTI-DATI pour travailleur isol\u00e9\" class=\"read-more\" href=\"https:\/\/louis-carles.com\/index.php\/2026\/02\/12\/smartphone-pti-dati-travailleur\/\" aria-label=\"Read more about Smartphone PTI-DATI pour travailleur isol\u00e9\">Read more<\/a><\/div><\/li>\n<li><div class=\"wp-block-latest-posts__featured-image\"><img loading=\"lazy\" decoding=\"async\" width=\"150\" height=\"150\" src=\"https:\/\/louis-carles.com\/wp-content\/uploads\/2026\/02\/Formation-ATEX-obligations-contenu-et-certification-pour-travailler-en-zone-a-risque-150x150.jpg\" class=\"attachment-thumbnail size-thumbnail wp-post-image\" alt=\"d\u00e9couvrez notre formation atex compl\u00e8te couvrant les obligations l\u00e9gales, le contenu essentiel et la certification n\u00e9cessaire pour travailler en toute s\u00e9curit\u00e9 dans les zones \u00e0 risque.\" style=\"\" \/><\/div><a class=\"wp-block-latest-posts__post-title\" href=\"https:\/\/louis-carles.com\/index.php\/2026\/02\/12\/formation-atex-obligations-contenu-et-certification-pour-travailler-en-zone-a-risque\/\">Formation ATEX : obligations, contenu et certification pour travailler en zone \u00e0 risque<\/a><time datetime=\"2026-02-12T16:34:34+01:00\" class=\"wp-block-latest-posts__post-date\">12 February 2026<\/time><div class=\"wp-block-latest-posts__post-excerpt\">Dans les zones \u00e0 risque, la Formation ATEX n\u2019est pas une option, mais un levier concret pour travailler sans se mettre en danger et sans &#8230; <a title=\"Formation ATEX : obligations, contenu et certification pour travailler en zone \u00e0 risque\" class=\"read-more\" href=\"https:\/\/louis-carles.com\/index.php\/2026\/02\/12\/formation-atex-obligations-contenu-et-certification-pour-travailler-en-zone-a-risque\/\" aria-label=\"Read more about Formation ATEX : obligations, contenu et certification pour travailler en zone \u00e0 risque\">Read more<\/a><\/div><\/li>\n<li><div class=\"wp-block-latest-posts__featured-image\"><img loading=\"lazy\" decoding=\"async\" width=\"150\" height=\"150\" src=\"https:\/\/louis-carles.com\/wp-content\/uploads\/2026\/02\/Comprendre-le-marquage-ATEX-signification-lecture-et-verification-150x150.jpg\" class=\"attachment-thumbnail size-thumbnail wp-post-image\" alt=\"d\u00e9couvrez le marquage atex : sa signification, comment le lire et les m\u00e9thodes pour v\u00e9rifier la conformit\u00e9 des \u00e9quipements en environnements explosifs.\" style=\"\" \/><\/div><a class=\"wp-block-latest-posts__post-title\" href=\"https:\/\/louis-carles.com\/index.php\/2026\/02\/12\/comprendre-le-marquage-atex-signification-lecture-et-verification\/\">Comprendre le marquage ATEX : signification, lecture et v\u00e9rification<\/a><time datetime=\"2026-02-12T16:34:04+01:00\" class=\"wp-block-latest-posts__post-date\">12 February 2026<\/time><div class=\"wp-block-latest-posts__post-excerpt\">Le marquage ATEX sert \u00e0 v\u00e9rifier, en quelques caract\u00e8res, si un \u00e9quipement peut \u00eatre utilis\u00e9 dans une zone dangereuse o\u00f9 des gaz, vapeurs ou poussi\u00e8res &#8230; <a title=\"Comprendre le marquage ATEX : signification, lecture et v\u00e9rification\" class=\"read-more\" href=\"https:\/\/louis-carles.com\/index.php\/2026\/02\/12\/comprendre-le-marquage-atex-signification-lecture-et-verification\/\" aria-label=\"Read more about Comprendre le marquage ATEX : signification, lecture et v\u00e9rification\">Read more<\/a><\/div><\/li>\n<li><div class=\"wp-block-latest-posts__featured-image\"><img loading=\"lazy\" decoding=\"async\" width=\"150\" height=\"150\" src=\"https:\/\/louis-carles.com\/wp-content\/uploads\/2026\/02\/Fiche-EPI-par-metier-guide-de-selection-selon-les-risques-professionnels-150x150.jpg\" class=\"attachment-thumbnail size-thumbnail wp-post-image\" alt=\"d\u00e9couvrez notre guide complet pour choisir les \u00e9quipements de protection individuelle (epi) adapt\u00e9s \u00e0 chaque m\u00e9tier en fonction des risques professionnels. assurez votre s\u00e9curit\u00e9 au travail avec les bonnes protections.\" style=\"\" \/><\/div><a class=\"wp-block-latest-posts__post-title\" href=\"https:\/\/louis-carles.com\/index.php\/2026\/02\/12\/fiche-epi-par-metier-guide-de-selection-selon-les-risques-professionnels\/\">Fiche EPI par m\u00e9tier : guide de s\u00e9lection selon les risques professionnels<\/a><time datetime=\"2026-02-12T16:27:16+01:00\" class=\"wp-block-latest-posts__post-date\">12 February 2026<\/time><div class=\"wp-block-latest-posts__post-excerpt\">En bref Une fiche EPI par m\u00e9tier r\u00e9pond directement au besoin du terrain : savoir quels EPI porter, quand, et pour quels risques professionnels, avec &#8230; <a title=\"Fiche EPI par m\u00e9tier : guide de s\u00e9lection selon les risques professionnels\" class=\"read-more\" href=\"https:\/\/louis-carles.com\/index.php\/2026\/02\/12\/fiche-epi-par-metier-guide-de-selection-selon-les-risques-professionnels\/\" aria-label=\"Read more about Fiche EPI par m\u00e9tier : guide de s\u00e9lection selon les risques professionnels\">Read more<\/a><\/div><\/li>\n<li><div class=\"wp-block-latest-posts__featured-image\"><img loading=\"lazy\" decoding=\"async\" width=\"150\" height=\"150\" src=\"https:\/\/louis-carles.com\/wp-content\/uploads\/2026\/02\/Formation-EPI-obligations-legales-duree-de-validite-et-recyclage-150x150.jpg\" class=\"attachment-thumbnail size-thumbnail wp-post-image\" alt=\"d\u00e9couvrez tout ce qu&#039;il faut savoir sur la formation epi : obligations l\u00e9gales, dur\u00e9e de validit\u00e9 des certifications et modalit\u00e9s de recyclage pour garantir la s\u00e9curit\u00e9 au travail.\" style=\"\" \/><\/div><a class=\"wp-block-latest-posts__post-title\" href=\"https:\/\/louis-carles.com\/index.php\/2026\/02\/12\/formation-epi-obligations-legales-duree-de-validite-et-recyclage\/\">Formation EPI : obligations l\u00e9gales, dur\u00e9e de validit\u00e9 et recyclage<\/a><time datetime=\"2026-02-12T16:24:43+01:00\" class=\"wp-block-latest-posts__post-date\">12 February 2026<\/time><div class=\"wp-block-latest-posts__post-excerpt\">En bref La formation des \u00c9quipiers de Premi\u00e8re Intervention est attendue d\u00e8s qu\u2019une entreprise doit organiser la r\u00e9ponse aux d\u00e9buts d\u2019incendie. Le Code du travail &#8230; <a title=\"Formation EPI : obligations l\u00e9gales, dur\u00e9e de validit\u00e9 et recyclage\" class=\"read-more\" href=\"https:\/\/louis-carles.com\/index.php\/2026\/02\/12\/formation-epi-obligations-legales-duree-de-validite-et-recyclage\/\" aria-label=\"Read more about Formation EPI : obligations l\u00e9gales, dur\u00e9e de validit\u00e9 et recyclage\">Read more<\/a><\/div><\/li>\n<li><div class=\"wp-block-latest-posts__featured-image\"><img loading=\"lazy\" decoding=\"async\" width=\"150\" height=\"150\" src=\"https:\/\/louis-carles.com\/wp-content\/uploads\/2026\/01\/Application-PTI-DATI-150x150.jpg\" class=\"attachment-thumbnail size-thumbnail wp-post-image\" alt=\"d\u00e9couvrez l&#039;application pti dati, votre outil de protection et d&#039;alerte pour assurer votre s\u00e9curit\u00e9 en toutes circonstances.\" style=\"\" \/><\/div><a class=\"wp-block-latest-posts__post-title\" href=\"https:\/\/louis-carles.com\/index.php\/2026\/01\/13\/application-pti-dati\/\">Application PTI DATI<\/a><time datetime=\"2026-01-13T16:49:36+01:00\" class=\"wp-block-latest-posts__post-date\">13 January 2026<\/time><div class=\"wp-block-latest-posts__post-excerpt\">Une Application PTI DATI sert \u00e0 prot\u00e9ger des personnes expos\u00e9es au travail isol\u00e9, en facilitant le D\u00e9clenchement d\u2019une Alarme et l\u2019organisation d\u2019une Intervention rapide. Le &#8230; <a title=\"Application PTI DATI\" class=\"read-more\" href=\"https:\/\/louis-carles.com\/index.php\/2026\/01\/13\/application-pti-dati\/\" aria-label=\"Read more about Application PTI DATI\">Read more<\/a><\/div><\/li>\n<li><div class=\"wp-block-latest-posts__featured-image\"><img loading=\"lazy\" decoding=\"async\" width=\"150\" height=\"150\" src=\"https:\/\/louis-carles.com\/wp-content\/uploads\/2026\/01\/PTI-pour-travailleur-isole-HUB-150x150.jpg\" class=\"attachment-thumbnail size-thumbnail wp-post-image\" alt=\"d\u00e9couvrez le pti pour travailleur isol\u00e9 (hub) : une solution de s\u00e9curit\u00e9 innovante pour prot\u00e9ger les travailleurs en situation d&#039;isolement gr\u00e2ce \u00e0 une surveillance efficace et une intervention rapide.\" style=\"\" \/><\/div><a class=\"wp-block-latest-posts__post-title\" href=\"https:\/\/louis-carles.com\/index.php\/2026\/01\/13\/pti-travailleur-isole\/\">PTI pour travailleur isol\u00e9 (HUB)<\/a><time datetime=\"2026-01-13T15:01:08+01:00\" class=\"wp-block-latest-posts__post-date\">13 January 2026<\/time><div class=\"wp-block-latest-posts__post-excerpt\">En bref La PTI pour travailleur isol\u00e9 s\u2019appuie sur un principe simple : une personne qui travaille hors de vue et hors de port\u00e9e de &#8230; <a title=\"PTI pour travailleur isol\u00e9 (HUB)\" class=\"read-more\" href=\"https:\/\/louis-carles.com\/index.php\/2026\/01\/13\/pti-travailleur-isole\/\" aria-label=\"Read more about PTI pour travailleur isol\u00e9 (HUB)\">Read more<\/a><\/div><\/li>\n<li><div class=\"wp-block-latest-posts__featured-image\"><img loading=\"lazy\" decoding=\"async\" width=\"150\" height=\"150\" src=\"https:\/\/louis-carles.com\/wp-content\/uploads\/2026\/01\/travailleur-isole-fonction-publique-hospitaliere-150x150.jpg\" class=\"attachment-thumbnail size-thumbnail wp-post-image\" alt=\"d\u00e9couvrez les dispositifs de s\u00e9curit\u00e9 et les mesures sp\u00e9cifiques pour les travailleurs isol\u00e9s dans la fonction publique hospitali\u00e8re afin d&#039;assurer leur protection et leur bien-\u00eatre au quotidien.\" style=\"\" \/><\/div><a class=\"wp-block-latest-posts__post-title\" href=\"https:\/\/louis-carles.com\/index.php\/2026\/01\/13\/travailleur-isole-fph\/\">travailleur isol\u00e9 fonction publique hospitali\u00e8re<\/a><time datetime=\"2026-01-13T14:59:04+01:00\" class=\"wp-block-latest-posts__post-date\">13 January 2026<\/time><div class=\"wp-block-latest-posts__post-excerpt\">Dans la fonction publique hospitali\u00e8re, un travailleur isol\u00e9 existe d\u00e8s qu\u2019un agent r\u00e9alise une mission sans pouvoir \u00eatre vu ou entendu directement, avec une faible &#8230; <a title=\"travailleur isol\u00e9 fonction publique hospitali\u00e8re\" class=\"read-more\" href=\"https:\/\/louis-carles.com\/index.php\/2026\/01\/13\/travailleur-isole-fph\/\" aria-label=\"Read more about travailleur isol\u00e9 fonction publique hospitali\u00e8re\">Read more<\/a><\/div><\/li>\n<li><div class=\"wp-block-latest-posts__featured-image\"><img loading=\"lazy\" decoding=\"async\" width=\"150\" height=\"150\" src=\"https:\/\/louis-carles.com\/wp-content\/uploads\/2026\/01\/DATI-smartphone-150x150.jpg\" class=\"attachment-thumbnail size-thumbnail wp-post-image\" alt=\"d\u00e9couvrez dati smartphone, votre solution innovante pour rester connect\u00e9 en toute s\u00e9curit\u00e9 avec des fonctionnalit\u00e9s avanc\u00e9es et une interface intuitive.\" style=\"\" \/><\/div><a class=\"wp-block-latest-posts__post-title\" href=\"https:\/\/louis-carles.com\/index.php\/2026\/01\/13\/dati-smartphone\/\">DATI smartphone<\/a><time datetime=\"2026-01-13T14:55:04+01:00\" class=\"wp-block-latest-posts__post-date\">13 January 2026<\/time><div class=\"wp-block-latest-posts__post-excerpt\">En bref Un DATI smartphone est une approche pragmatique pour renforcer la s\u00e9curit\u00e9 des \u00e9quipes expos\u00e9es \u00e0 l\u2019isolement, sans multiplier les \u00e9quipements. Le principe est &#8230; <a title=\"DATI smartphone\" class=\"read-more\" href=\"https:\/\/louis-carles.com\/index.php\/2026\/01\/13\/dati-smartphone\/\" aria-label=\"Read more about DATI smartphone\">Read more<\/a><\/div><\/li>\n<li><div class=\"wp-block-latest-posts__featured-image\"><img loading=\"lazy\" decoding=\"async\" width=\"150\" height=\"150\" src=\"https:\/\/louis-carles.com\/wp-content\/uploads\/2026\/01\/Travailleur-isole-fonction-publique-150x150.jpg\" class=\"attachment-thumbnail size-thumbnail wp-post-image\" alt=\"d\u00e9couvrez les dispositifs de s\u00e9curit\u00e9 et les bonnes pratiques pour les travailleurs isol\u00e9s dans la fonction publique, garantissant leur protection et leur bien-\u00eatre.\" style=\"\" \/><\/div><a class=\"wp-block-latest-posts__post-title\" href=\"https:\/\/louis-carles.com\/index.php\/2026\/01\/13\/travailleur-isole-fonction\/\">Travailleur isol\u00e9 fonction publique<\/a><time datetime=\"2026-01-13T14:51:56+01:00\" class=\"wp-block-latest-posts__post-date\">13 January 2026<\/time><div class=\"wp-block-latest-posts__post-excerpt\">Travailler seul dans la fonction publique n\u2019est pas un \u201cinterdit\u201d, mais un sujet de sant\u00e9 au travail qui se g\u00e8re, \u00e0 condition de le traiter &#8230; <a title=\"Travailleur isol\u00e9 fonction publique\" class=\"read-more\" href=\"https:\/\/louis-carles.com\/index.php\/2026\/01\/13\/travailleur-isole-fonction\/\" aria-label=\"Read more about Travailleur isol\u00e9 fonction publique\">Read more<\/a><\/div><\/li>\n<li><div class=\"wp-block-latest-posts__featured-image\"><img loading=\"lazy\" decoding=\"async\" width=\"150\" height=\"150\" src=\"https:\/\/louis-carles.com\/wp-content\/uploads\/2026\/01\/Travailleur-isole-dans-le-BTP-150x150.jpg\" class=\"attachment-thumbnail size-thumbnail wp-post-image\" alt=\"d\u00e9couvrez les enjeux et solutions pour la s\u00e9curit\u00e9 des travailleurs isol\u00e9s dans le secteur du btp, afin d&#039;assurer leur protection optimale sur les chantiers.\" style=\"\" \/><\/div><a class=\"wp-block-latest-posts__post-title\" href=\"https:\/\/louis-carles.com\/index.php\/2026\/01\/13\/travailleur-isole-btp\/\">Travailleur isol\u00e9 dans le BTP<\/a><time datetime=\"2026-01-13T14:47:04+01:00\" class=\"wp-block-latest-posts__post-date\">13 January 2026<\/time><div class=\"wp-block-latest-posts__post-excerpt\">En bref Travailler seul sur un chantier du BTP peut \u00eatre autoris\u00e9, mais uniquement si l\u2019isolement est \u00e9valu\u00e9, encadr\u00e9 et rendu compatible avec une intervention &#8230; <a title=\"Travailleur isol\u00e9 dans le BTP\" class=\"read-more\" href=\"https:\/\/louis-carles.com\/index.php\/2026\/01\/13\/travailleur-isole-btp\/\" aria-label=\"Read more about Travailleur isol\u00e9 dans le BTP\">Read more<\/a><\/div><\/li>\n<li><div class=\"wp-block-latest-posts__featured-image\"><img loading=\"lazy\" decoding=\"async\" width=\"150\" height=\"150\" src=\"https:\/\/louis-carles.com\/wp-content\/uploads\/2026\/01\/Travailleur-isole-dans-lindustrie-150x150.jpg\" class=\"attachment-thumbnail size-thumbnail wp-post-image\" alt=\"d\u00e9couvrez les enjeux et les mesures de s\u00e9curit\u00e9 pour les travailleurs isol\u00e9s dans l&#039;industrie afin de garantir leur protection et leur bien-\u00eatre.\" style=\"\" \/><\/div><a class=\"wp-block-latest-posts__post-title\" href=\"https:\/\/louis-carles.com\/index.php\/2026\/01\/13\/travailleur-isole-industrie\/\">Travailleur isol\u00e9 dans l&#8217;industrie<\/a><time datetime=\"2026-01-13T14:40:05+01:00\" class=\"wp-block-latest-posts__post-date\">13 January 2026<\/time><div class=\"wp-block-latest-posts__post-excerpt\">En bref Dans l\u2019industrie, un travailleur isol\u00e9 existe d\u00e8s qu\u2019un salari\u00e9 ex\u00e9cute une t\u00e2che hors de vue et hors de port\u00e9e de voix d\u2019autrui, avec &#8230; <a title=\"Travailleur isol\u00e9 dans l&#8217;industrie\" class=\"read-more\" href=\"https:\/\/louis-carles.com\/index.php\/2026\/01\/13\/travailleur-isole-industrie\/\" aria-label=\"Read more about Travailleur isol\u00e9 dans l&#8217;industrie\">Read more<\/a><\/div><\/li>\n<li><div class=\"wp-block-latest-posts__featured-image\"><img loading=\"lazy\" decoding=\"async\" width=\"150\" height=\"150\" src=\"https:\/\/louis-carles.com\/wp-content\/uploads\/2026\/01\/Code-du-travail-et-travailleur-isole-Guide-complet-2026-1-150x150.jpg\" class=\"attachment-thumbnail size-thumbnail wp-post-image\" alt=\"D\u00e9couvrez notre guide complet 2026 sur le Code du travail et les travailleurs isol\u00e9s, pour comprendre vos droits et obligations en milieu professionnel.\" style=\"\" \/><\/div><a class=\"wp-block-latest-posts__post-title\" href=\"https:\/\/louis-carles.com\/index.php\/2026\/01\/13\/code-travail-travailleur-isole\/\">Code du travail et travailleur isol\u00e9 &#8211; Guide complet 2026<\/a><time datetime=\"2026-01-13T14:30:48+01:00\" class=\"wp-block-latest-posts__post-date\">13 January 2026<\/time><div class=\"wp-block-latest-posts__post-excerpt\">Le Code du travail encadre clairement la gestion du travailleur isol\u00e9 : l\u2019employeur doit pr\u00e9venir les risques, organiser des moyens de secours efficaces et prouver &#8230; <a title=\"Code du travail et travailleur isol\u00e9 &#8211; Guide complet 2026\" class=\"read-more\" href=\"https:\/\/louis-carles.com\/index.php\/2026\/01\/13\/code-travail-travailleur-isole\/\" aria-label=\"Read more about Code du travail et travailleur isol\u00e9 &#8211; Guide complet 2026\">Read more<\/a><\/div><\/li>\n<li><a class=\"wp-block-latest-posts__post-title\" href=\"https:\/\/louis-carles.com\/index.php\/2026\/01\/07\/travail-isole-2\/\">Travail isol\u00e9<\/a><time datetime=\"2026-01-07T16:35:32+01:00\" class=\"wp-block-latest-posts__post-date\">7 January 2026<\/time><div class=\"wp-block-latest-posts__post-excerpt\">En bref Dans de nombreuses entreprises, un technicien de maintenance seul dans une chaufferie, un agent de s\u00e9curit\u00e9 de nuit ou une infirmi\u00e8re en visite &#8230; <a title=\"Travail isol\u00e9\" class=\"read-more\" href=\"https:\/\/louis-carles.com\/index.php\/2026\/01\/07\/travail-isole-2\/\" aria-label=\"Read more about Travail isol\u00e9\">Read more<\/a><\/div><\/li>\n<li><a class=\"wp-block-latest-posts__post-title\" href=\"https:\/\/louis-carles.com\/index.php\/2026\/01\/07\/travailleur-isole-guide-prevention\/\">Travailleur isol\u00e9 : prot\u00e9gez vos \u00e9quipes et l&#8217;entreprise<\/a><time datetime=\"2026-01-07T15:54:21+01:00\" class=\"wp-block-latest-posts__post-date\">7 January 2026<\/time><div class=\"wp-block-latest-posts__post-excerpt\">L&#8217;essentiel \u00e0 retenir : le travail isol\u00e9 se d\u00e9finit par l&#8217;impossibilit\u00e9 d&#8217;\u00eatre secouru rapidement &#8220;hors de vue et de voix&#8221;. Identifier ces situations dans le &#8230; <a title=\"Travailleur isol\u00e9 : prot\u00e9gez vos \u00e9quipes et l&#8217;entreprise\" class=\"read-more\" href=\"https:\/\/louis-carles.com\/index.php\/2026\/01\/07\/travailleur-isole-guide-prevention\/\" aria-label=\"Read more about Travailleur isol\u00e9 : prot\u00e9gez vos \u00e9quipes et l&#8217;entreprise\">Read more<\/a><\/div><\/li>\n<li><a class=\"wp-block-latest-posts__post-title\" href=\"https:\/\/louis-carles.com\/index.php\/2026\/01\/07\/travail-isole\/\">Travail isol\u00e9<\/a><time datetime=\"2026-01-07T14:03:17+01:00\" class=\"wp-block-latest-posts__post-date\">7 January 2026<\/time><div class=\"wp-block-latest-posts__post-excerpt\">En bref Le travail isol\u00e9 d\u00e9signe toute situation o\u00f9 un travailleur isol\u00e9 ex\u00e9cute sa t\u00e2che hors de vue et de port\u00e9e de voix, sans possibilit\u00e9 &#8230; <a title=\"Travail isol\u00e9\" class=\"read-more\" href=\"https:\/\/louis-carles.com\/index.php\/2026\/01\/07\/travail-isole\/\" aria-label=\"Read more about Travail isol\u00e9\">Read more<\/a><\/div><\/li>\n<li><div class=\"wp-block-latest-posts__featured-image\"><img loading=\"lazy\" decoding=\"async\" width=\"150\" height=\"150\" src=\"https:\/\/louis-carles.com\/wp-content\/uploads\/2025\/11\/travailleur-isole-definition-et-obligations-150x150.webp\" class=\"attachment-thumbnail size-thumbnail wp-post-image\" alt=\"\" style=\"\" \/><\/div><a class=\"wp-block-latest-posts__post-title\" href=\"https:\/\/louis-carles.com\/index.php\/2025\/11\/06\/travailleur-isole-definition-securite\/\">Travailleur isol\u00e9 : 5 crit\u00e8res et obligations l\u00e9gales<\/a><time datetime=\"2025-11-06T09:02:45+01:00\" class=\"wp-block-latest-posts__post-date\">6 November 2025<\/time><div class=\"wp-block-latest-posts__post-excerpt\">L&#8217;essentiel \u00e0 retenir : Un travailleur isol\u00e9 est en dehors de la vue et de la port\u00e9e de voix, sans secours rapide possible. L&#8217;employeur doit &#8230; <a title=\"Travailleur isol\u00e9 : 5 crit\u00e8res et obligations l\u00e9gales\" class=\"read-more\" href=\"https:\/\/louis-carles.com\/index.php\/2025\/11\/06\/travailleur-isole-definition-securite\/\" aria-label=\"Read more about Travailleur isol\u00e9 : 5 crit\u00e8res et obligations l\u00e9gales\">Read more<\/a><\/div><\/li>\n<\/ul>","protected":false},"excerpt":{"rendered":"<p>Cat\u00e9gories Archives Articles<\/p>\n","protected":false},"author":1,"featured_media":0,"parent":0,"menu_order":0,"comment_status":"closed","ping_status":"closed","template":"","meta":{"footnotes":""},"class_list":["post-137","page","type-page","status-publish"],"_links":{"self":[{"href":"https:\/\/louis-carles.com\/index.php\/wp-json\/wp\/v2\/pages\/137","targetHints":{"allow":["GET"]}}],"collection":[{"href":"https:\/\/louis-carles.com\/index.php\/wp-json\/wp\/v2\/pages"}],"about":[{"href":"https:\/\/louis-carles.com\/index.php\/wp-json\/wp\/v2\/types\/page"}],"author":[{"embeddable":true,"href":"https:\/\/louis-carles.com\/index.php\/wp-json\/wp\/v2\/users\/1"}],"replies":[{"embeddable":true,"href":"https:\/\/louis-carles.com\/index.php\/wp-json\/wp\/v2\/comments?post=137"}],"version-history":[{"count":3,"href":"https:\/\/louis-carles.com\/index.php\/wp-json\/wp\/v2\/pages\/137\/revisions"}],"predecessor-version":[{"id":143,"href":"https:\/\/louis-carles.com\/index.php\/wp-json\/wp\/v2\/pages\/137\/revisions\/143"}],"wp:attachment":[{"href":"https:\/\/louis-carles.com\/index.php\/wp-json\/wp\/v2\/media?parent=137"}],"curies":[{"name":"wp","href":"https:\/\/api.w.org\/{rel}","templated":true}]}}